{"id":160278,"date":"2026-04-29T12:06:32","date_gmt":"2026-04-29T10:06:32","guid":{"rendered":"https:\/\/kientalerhof.ch\/courses\/uncategorized\/setze-deine-grenzen-wahre-deinen-raum-en-28205204\/"},"modified":"2026-04-30T03:06:17","modified_gmt":"2026-04-30T01:06:17","slug":"setze-deine-grenzen-wahre-deinen-raum-en-28205204","status":"publish","type":"course","link":"https:\/\/kientalerhof.ch\/en\/courses\/Uncategorized\/setze-deine-grenzen-wahre-deinen-raum-en-28205204\/","title":{"rendered":"Setze deine Grenzen &amp; wahre deinen Raum&#8211;en"},"content":{"rendered":"<h2>Grenzen erkennen, Grenzen setzen, Raum einnehmen<\/h2>\n<p>Es f\u00e4llt uns oft schwer unsere eigenen W\u00fcnsche selbstbewusst zum Ausdruck zu bringen und sich von anderen abzugrenzen. Manchmal mangelt es an der F\u00e4higkeit, klare Grenzen zu setzen und seinen Raum einzunehmen. Verlieren wir das Gesp\u00fcr f\u00fcr unsere Grenzen, \u00fcbergehen wir uns selbst, machen uns klein und f\u00fchren ein Leben au\u00dferhalb unserer wirklichen Kraft und Mitte heraus.<\/p>\n<p>Setzt Du Grenzen oder traust Du Dich Dir Deinen Raum zu nehmen und zu sagen, was du wirklich willst?<\/p>\n<p><strong>Wer in seiner Mitte steht, kann \u00fcber Grenzen hinauswachsen.<\/strong><\/p>\n<h2>Aus dem Inhalt<\/h2>\n<p>&#8211; Grenzen erkennen | Grenzen bewahren<br \/>\n&#8211; Grenzen setzen | Raum einnehmen<br \/>\n&#8211; Selbstbewusst Nein sagen<br \/>\n&#8211; Grenzen als Kontaktfl\u00e4chen<br \/>\n&#8211; Gelassenheit | Klarheit | Mut<\/p>\n<p>Anhand von praktischen \u00dcbungen aus der Schwertarbeit wird unsere Haltung zum Thema Grenzen und Raum sichtbar.<br \/>\nWir lernen selbstbewusster &#8220;Stopp\/Nein&#8221; zu sagen, unseren Raum einzunehmen und klare Grenzen zu setzen.<\/p>\n<h2>\u00dcber die Initiatische Schwertarbeit<\/h2>\n<p>Unser Alltag ist in vielfacher Weise gepr\u00e4gt von Hektik, Schnelllebigkeit und sich st\u00e4ndig ver\u00e4ndernden und sehr komplexen Situationen. Wir werden oft von unseren Anspr\u00fcchen und eigenen Erwartungen getrieben damit wir allem und allen gerecht werden. Krisen im Au\u00dfen konfrontieren uns auf unterschiedlichste Art. Gleichzeitig f\u00fchlen wir eine Sehnsucht nach Gelassenheit, Ruhe, Stille, innerer Verbundenheit und Ausgeglichenheit. Wie gelingt es uns in eine gute Ausgewogenheit zwischen Anforderung im Au\u00dfen und unseren Bed\u00fcrfnissen im Inneren zu kommen?<\/p>\n<p>Im lebendigen Wechsel zwischen \u00dcbungen mit dem Schwert, K\u00f6rper\u00fcbungen (Hara) und Austauschrunden lernen wir unsere \u00dcberzeugungen, Denk- und Verhaltensweisen besser kennen. Wir erfahren neue M\u00f6glichkeiten eines konstruktiven Umgangs mit uns selbst. Dies schafft Raum f\u00fcr Erkenntnisse und er\u00f6ffnet die M\u00f6glichkeit einer bewussteren Gestaltung des eigenen Wegs. Wir k\u00f6nnen das Erlebte in unseren Alltag sofort transferieren.<\/p>\n<h2>Video<\/h2>\n<p> Ein kurzes Video dar\u00fcber, was Dich bei diesem einzigartigen Kurs zur Schwertarbeit erwartet, findest Du <a href=\"https:\/\/www.youtube.com\/watch?v=_2P_Yo4eM6c\" target=\"_blank\">hier auf YouTube.<\/a>.<\/p>\n<h2>Kursziele<\/h2>\n<p>Die Teilnehmenden<\/p>\n<ul>\n<li>erfahren sich von den inneren Kr\u00e4ften (Intuition \/ Bauchgef\u00fchl) f\u00fchren zu lassen.<\/li>\n<li>durchtrennen Konzepte, Vorstellungen und Blockaden.<\/li>\n<li>erleben ein pr\u00e4senteres K\u00f6rperbewusstsein (Hara).<\/li>\n<li>\u00f6ffnen sich entschieden und mutig dem Leben.<\/li>\n<li>sch\u00e4rfen ihre Wahrnehmungssinne und Resilienz-Kr\u00e4fte.<\/li>\n<li>gewinnen Vertrauen in sich selbst und handeln bewusster.<\/li>\n<li>stehen pr\u00e4senter, klaren und achtsamer in ihrem Leben.<\/li>\n<li>treffen mutiger Entscheidungen und stehen zu diesen.<\/li>\n<li>reflektieren und vertiefen das Erfahrene \u00fcber den Austausch in der Gruppe.<\/li>\n<\/ul>\n<h2>Kurszeiten<\/h2>\n<p>Freitag: 16:30 &#8211; 18:00 und 19:30 &#8211; 21:00 Uhr<br \/>\nSamstag:  07:00 \u2013 07:45 Meditation, 09:00 &#8211; 12:30 und 14:00 &#8211; 18:00 Uhr<br \/>\nSonntag: 07:00 \u2013 07:45 Meditation, 09:00 &#8211; 12:30 Uhr und Mittagessen<\/p>\n<h2>Zielgruppe<\/h2>\n<p>Der Kurs ist sowohl f\u00fcr Anf\u00e4ngerInnen wie auch Erfahrene geeignet.<\/p>\n<h2>Voraussetzungen<\/h2>\n<p>Es sind keine Vorerfahrungen notwendig. \u00dcbungsschwerter werden gestellt. Wir \u00fcben, wo m\u00f6glich, barfuss.<\/p>\n<h2>Mitbringen<\/h2>\n<p>Bewegungsfreundliche Kleidung, Notizbuch, Schreibutensilien, eventuell eigene Decke (es gibt auch welche vor Ort), Wasserflasche.<br \/>\nEigene Bokken (japanisches Holzschwert) und Samuraischwerter (stumpfe Klinge\/Iaito) k\u00f6nnen gerne mitgebracht werden.<\/p>\n","protected":false},"excerpt":{"rendered":"<p>Grenzen erkennen, Grenzen setzen, Raum einnehmen Es f\u00e4llt uns oft schwer unsere eigenen W\u00fcnsche selbstbewusst zum Ausdruck zu bringen und sich von anderen abzugrenzen. Manchmal mangelt es an der F\u00e4higkeit, klare Grenzen zu setzen und seinen Raum einzunehmen. Verlieren wir das Gesp\u00fcr f\u00fcr unsere Grenzen, \u00fcbergehen wir uns selbst, machen uns klein und f\u00fchren ein [&hellip;]<\/p>\n","protected":false},"author":0,"featured_media":0,"comment_status":"open","ping_status":"closed","template":"","class_list":["post-160278","course","type-course","status-publish","hentry"],"acf":[],"yoast_head":"<!-- This site is optimized with the Yoast SEO plugin v27.4 - https:\/\/yoast.com\/product\/yoast-seo-wordpress\/ -->\n<title>Setze deine Grenzen &amp; wahre deinen Raum-en - Kientalerhof<\/title>\n<meta name=\"robots\" content=\"index, follow, max-snippet:-1, max-image-preview:large, max-video-preview:-1\" \/>\n<link rel=\"canonical\" href=\"https:\/\/kientalerhof.ch\/en\/courses\/Uncategorized\/setze-deine-grenzen-wahre-deinen-raum-en-28205204\/\" \/>\n<meta property=\"og:locale\" content=\"en_US\" \/>\n<meta property=\"og:type\" content=\"article\" \/>\n<meta property=\"og:title\" content=\"Setze deine Grenzen &amp; wahre deinen Raum-en - Kientalerhof\" \/>\n<meta property=\"og:description\" content=\"Grenzen erkennen, Grenzen setzen, Raum einnehmen Es f\u00e4llt uns oft schwer unsere eigenen W\u00fcnsche selbstbewusst zum Ausdruck zu bringen und sich von anderen abzugrenzen. Manchmal mangelt es an der F\u00e4higkeit, klare Grenzen zu setzen und seinen Raum einzunehmen. Verlieren wir das Gesp\u00fcr f\u00fcr unsere Grenzen, \u00fcbergehen wir uns selbst, machen uns klein und f\u00fchren ein [&hellip;]\" \/>\n<meta property=\"og:url\" content=\"https:\/\/kientalerhof.ch\/en\/courses\/Uncategorized\/setze-deine-grenzen-wahre-deinen-raum-en-28205204\/\" \/>\n<meta property=\"og:site_name\" content=\"Kientalerhof\" \/>\n<meta property=\"article:modified_time\" content=\"2026-04-30T01:06:17+00:00\" \/>\n<meta name=\"twitter:card\" content=\"summary_large_image\" \/>\n<meta name=\"twitter:label1\" content=\"Est. reading time\" \/>\n\t<meta name=\"twitter:data1\" content=\"2 minutes\" \/>\n<script type=\"application\/ld+json\" class=\"yoast-schema-graph\">{\"@context\":\"https:\\\/\\\/schema.org\",\"@graph\":[{\"@type\":\"WebPage\",\"@id\":\"https:\\\/\\\/kientalerhof.ch\\\/en\\\/courses\\\/Uncategorized\\\/setze-deine-grenzen-wahre-deinen-raum-en-28205204\\\/\",\"url\":\"https:\\\/\\\/kientalerhof.ch\\\/en\\\/courses\\\/Uncategorized\\\/setze-deine-grenzen-wahre-deinen-raum-en-28205204\\\/\",\"name\":\"Setze deine Grenzen &amp; wahre deinen Raum-en - Kientalerhof\",\"isPartOf\":{\"@id\":\"https:\\\/\\\/kientalerhof.ch\\\/en\\\/#website\"},\"datePublished\":\"2026-04-29T10:06:32+00:00\",\"dateModified\":\"2026-04-30T01:06:17+00:00\",\"breadcrumb\":{\"@id\":\"https:\\\/\\\/kientalerhof.ch\\\/en\\\/courses\\\/Uncategorized\\\/setze-deine-grenzen-wahre-deinen-raum-en-28205204\\\/#breadcrumb\"},\"inLanguage\":\"en-US\",\"potentialAction\":[{\"@type\":\"ReadAction\",\"target\":[\"https:\\\/\\\/kientalerhof.ch\\\/en\\\/courses\\\/Uncategorized\\\/setze-deine-grenzen-wahre-deinen-raum-en-28205204\\\/\"]}]},{\"@type\":\"BreadcrumbList\",\"@id\":\"https:\\\/\\\/kientalerhof.ch\\\/en\\\/courses\\\/Uncategorized\\\/setze-deine-grenzen-wahre-deinen-raum-en-28205204\\\/#breadcrumb\",\"itemListElement\":[{\"@type\":\"ListItem\",\"position\":1,\"name\":\"Home\",\"item\":\"https:\\\/\\\/kientalerhof.ch\\\/en\\\/\"},{\"@type\":\"ListItem\",\"position\":2,\"name\":\"Setze deine Grenzen &amp; wahre deinen Raum&#8211;en\"}]},{\"@type\":\"WebSite\",\"@id\":\"https:\\\/\\\/kientalerhof.ch\\\/en\\\/#website\",\"url\":\"https:\\\/\\\/kientalerhof.ch\\\/en\\\/\",\"name\":\"Kientalerhof\",\"description\":\"\",\"publisher\":{\"@id\":\"https:\\\/\\\/kientalerhof.ch\\\/en\\\/#organization\"},\"potentialAction\":[{\"@type\":\"SearchAction\",\"target\":{\"@type\":\"EntryPoint\",\"urlTemplate\":\"https:\\\/\\\/kientalerhof.ch\\\/en\\\/?s={search_term_string}\"},\"query-input\":{\"@type\":\"PropertyValueSpecification\",\"valueRequired\":true,\"valueName\":\"search_term_string\"}}],\"inLanguage\":\"en-US\"},{\"@type\":\"Organization\",\"@id\":\"https:\\\/\\\/kientalerhof.ch\\\/en\\\/#organization\",\"name\":\"Kientalerhof\",\"url\":\"https:\\\/\\\/kientalerhof.ch\\\/en\\\/\",\"logo\":{\"@type\":\"ImageObject\",\"inLanguage\":\"en-US\",\"@id\":\"https:\\\/\\\/kientalerhof.ch\\\/en\\\/#\\\/schema\\\/logo\\\/image\\\/\",\"url\":\"https:\\\/\\\/kientalerhof.ch\\\/wp-content\\\/uploads\\\/2025\\\/12\\\/khh_logo_white.svg\",\"contentUrl\":\"https:\\\/\\\/kientalerhof.ch\\\/wp-content\\\/uploads\\\/2025\\\/12\\\/khh_logo_white.svg\",\"width\":594,\"height\":138,\"caption\":\"Kientalerhof\"},\"image\":{\"@id\":\"https:\\\/\\\/kientalerhof.ch\\\/en\\\/#\\\/schema\\\/logo\\\/image\\\/\"}}]}<\/script>\n<!-- \/ Yoast SEO plugin. -->","yoast_head_json":{"title":"Setze deine Grenzen &amp; wahre deinen Raum-en - Kientalerhof","robots":{"index":"index","follow":"follow","max-snippet":"max-snippet:-1","max-image-preview":"max-image-preview:large","max-video-preview":"max-video-preview:-1"},"canonical":"https:\/\/kientalerhof.ch\/en\/courses\/Uncategorized\/setze-deine-grenzen-wahre-deinen-raum-en-28205204\/","og_locale":"en_US","og_type":"article","og_title":"Setze deine Grenzen &amp; wahre deinen Raum-en - Kientalerhof","og_description":"Grenzen erkennen, Grenzen setzen, Raum einnehmen Es f\u00e4llt uns oft schwer unsere eigenen W\u00fcnsche selbstbewusst zum Ausdruck zu bringen und sich von anderen abzugrenzen. Manchmal mangelt es an der F\u00e4higkeit, klare Grenzen zu setzen und seinen Raum einzunehmen. Verlieren wir das Gesp\u00fcr f\u00fcr unsere Grenzen, \u00fcbergehen wir uns selbst, machen uns klein und f\u00fchren ein [&hellip;]","og_url":"https:\/\/kientalerhof.ch\/en\/courses\/Uncategorized\/setze-deine-grenzen-wahre-deinen-raum-en-28205204\/","og_site_name":"Kientalerhof","article_modified_time":"2026-04-30T01:06:17+00:00","twitter_card":"summary_large_image","twitter_misc":{"Est. reading time":"2 minutes"},"schema":{"@context":"https:\/\/schema.org","@graph":[{"@type":"WebPage","@id":"https:\/\/kientalerhof.ch\/en\/courses\/Uncategorized\/setze-deine-grenzen-wahre-deinen-raum-en-28205204\/","url":"https:\/\/kientalerhof.ch\/en\/courses\/Uncategorized\/setze-deine-grenzen-wahre-deinen-raum-en-28205204\/","name":"Setze deine Grenzen &amp; wahre deinen Raum-en - Kientalerhof","isPartOf":{"@id":"https:\/\/kientalerhof.ch\/en\/#website"},"datePublished":"2026-04-29T10:06:32+00:00","dateModified":"2026-04-30T01:06:17+00:00","breadcrumb":{"@id":"https:\/\/kientalerhof.ch\/en\/courses\/Uncategorized\/setze-deine-grenzen-wahre-deinen-raum-en-28205204\/#breadcrumb"},"inLanguage":"en-US","potentialAction":[{"@type":"ReadAction","target":["https:\/\/kientalerhof.ch\/en\/courses\/Uncategorized\/setze-deine-grenzen-wahre-deinen-raum-en-28205204\/"]}]},{"@type":"BreadcrumbList","@id":"https:\/\/kientalerhof.ch\/en\/courses\/Uncategorized\/setze-deine-grenzen-wahre-deinen-raum-en-28205204\/#breadcrumb","itemListElement":[{"@type":"ListItem","position":1,"name":"Home","item":"https:\/\/kientalerhof.ch\/en\/"},{"@type":"ListItem","position":2,"name":"Setze deine Grenzen &amp; wahre deinen Raum&#8211;en"}]},{"@type":"WebSite","@id":"https:\/\/kientalerhof.ch\/en\/#website","url":"https:\/\/kientalerhof.ch\/en\/","name":"Kientalerhof","description":"","publisher":{"@id":"https:\/\/kientalerhof.ch\/en\/#organization"},"potentialAction":[{"@type":"SearchAction","target":{"@type":"EntryPoint","urlTemplate":"https:\/\/kientalerhof.ch\/en\/?s={search_term_string}"},"query-input":{"@type":"PropertyValueSpecification","valueRequired":true,"valueName":"search_term_string"}}],"inLanguage":"en-US"},{"@type":"Organization","@id":"https:\/\/kientalerhof.ch\/en\/#organization","name":"Kientalerhof","url":"https:\/\/kientalerhof.ch\/en\/","logo":{"@type":"ImageObject","inLanguage":"en-US","@id":"https:\/\/kientalerhof.ch\/en\/#\/schema\/logo\/image\/","url":"https:\/\/kientalerhof.ch\/wp-content\/uploads\/2025\/12\/khh_logo_white.svg","contentUrl":"https:\/\/kientalerhof.ch\/wp-content\/uploads\/2025\/12\/khh_logo_white.svg","width":594,"height":138,"caption":"Kientalerhof"},"image":{"@id":"https:\/\/kientalerhof.ch\/en\/#\/schema\/logo\/image\/"}}]}},"_links":{"self":[{"href":"https:\/\/kientalerhof.ch\/en\/wp-json\/wp\/v2\/course\/160278","targetHints":{"allow":["GET"]}}],"collection":[{"href":"https:\/\/kientalerhof.ch\/en\/wp-json\/wp\/v2\/course"}],"about":[{"href":"https:\/\/kientalerhof.ch\/en\/wp-json\/wp\/v2\/types\/course"}],"replies":[{"embeddable":true,"href":"https:\/\/kientalerhof.ch\/en\/wp-json\/wp\/v2\/comments?post=160278"}],"version-history":[{"count":1,"href":"https:\/\/kientalerhof.ch\/en\/wp-json\/wp\/v2\/course\/160278\/revisions"}],"predecessor-version":[{"id":160316,"href":"https:\/\/kientalerhof.ch\/en\/wp-json\/wp\/v2\/course\/160278\/revisions\/160316"}],"wp:attachment":[{"href":"https:\/\/kientalerhof.ch\/en\/wp-json\/wp\/v2\/media?parent=160278"}],"curies":[{"name":"wp","href":"https:\/\/api.w.org\/{rel}","templated":true}]}}